{"id":4959,"date":"2025-12-04T14:43:49","date_gmt":"2025-12-04T14:43:49","guid":{"rendered":"https:\/\/escuelallanosubercaseaux.cl\/?page_id=4959"},"modified":"2026-04-23T17:21:35","modified_gmt":"2026-04-23T17:21:35","slug":"galeria-de-imagenes-01","status":"publish","type":"page","link":"https:\/\/escuelallanosubercaseaux.cl\/?page_id=4959","title":{"rendered":"Galer\u00eda de Im\u00e1genes 2026"},"content":{"rendered":"\t\t<div data-elementor-type=\"wp-page\" data-elementor-id=\"4959\" class=\"elementor elementor-4959\" data-elementor-post-type=\"page\">\n\t\t\t\t<div class=\"elementor-element elementor-element-e91168e e-flex e-con-boxed e-con e-parent\" data-id=\"e91168e\" data-element_type=\"container\">\n\t\t\t\t\t<div class=\"e-con-inner\">\n\t\t\t\t<div class=\"elementor-element elementor-element-0dfabd0 elementor-widget elementor-widget-heading\" data-id=\"0dfabd0\" data-element_type=\"widget\" data-widget_type=\"heading.default\">\n\t\t\t\t<div class=\"elementor-widget-container\">\n\t\t\t\t\t<h2 class=\"elementor-heading-title elementor-size-default\">\"D\u00eda del Libro\"\n en Nuestra Escuela<\/h2>\t\t\t\t<\/div>\n\t\t\t\t<\/div>\n\t\t<div class=\"elementor-element elementor-element-d7ede8a e-flex e-con-boxed e-con e-child\" data-id=\"d7ede8a\" data-element_type=\"container\">\n\t\t\t\t\t<div class=\"e-con-inner\">\n\t\t<div class=\"elementor-element elementor-element-bb569dd e-con-full e-flex e-con e-child\" data-id=\"bb569dd\" data-element_type=\"container\">\n\t\t\t\t<div class=\"elementor-element elementor-element-70f6f4f elementor-widget elementor-widget-text-editor\" data-id=\"70f6f4f\" data-element_type=\"widget\" data-widget_type=\"text-editor.default\">\n\t\t\t\t<div class=\"elementor-widget-container\">\n\t\t\t\t\t\t\t\t\t<p data-start=\"232\" data-end=\"415\">Este\u00a0<strong data-start=\"206\" data-end=\"228\">jueves 23 de abril<\/strong>, nuestra comunidad educativa celebrar\u00e1 el\u00a0<strong data-start=\"271\" data-end=\"288\">D\u00eda del Libro<\/strong>\u00a0con una jornada centrada en la\u00a0<strong data-start=\"320\" data-end=\"384\">creatividad, la participaci\u00f3n y el aprendizaje significativo<\/strong>.<\/p><p data-start=\"232\" data-end=\"415\">Durante el desarrollo de la actividad, los estudiantes ser\u00e1n protagonistas de diversas experiencias que buscan\u00a0<strong data-start=\"498\" data-end=\"538\">fortalecer el v\u00ednculo con la lectura<\/strong>, promoviendo la\u00a0<strong data-start=\"555\" data-end=\"641\">expresi\u00f3n art\u00edstica, el trabajo colaborativo y la comprensi\u00f3n de textos literarios<\/strong>.<\/p>\t\t\t\t\t\t\t\t<\/div>\n\t\t\t\t<\/div>\n\t\t\t\t<\/div>\n\t\t<div class=\"elementor-element elementor-element-a6b6bc6 e-con-full e-flex e-con e-child\" data-id=\"a6b6bc6\" data-element_type=\"container\">\n\t\t\t\t<div class=\"elementor-element elementor-element-1511a5b elementor-widget elementor-widget-image\" data-id=\"1511a5b\" data-element_type=\"widget\" data-widget_type=\"image.default\">\n\t\t\t\t<div class=\"elementor-widget-container\">\n\t\t\t\t\t\t\t\t\t\t\t\t\t\t\t<img decoding=\"async\" width=\"150\" height=\"150\" src=\"https:\/\/escuelallanosubercaseaux.cl\/wp-content\/uploads\/2026\/04\/libro-150x150.png\" class=\"attachment-thumbnail size-thumbnail wp-image-5644\" alt=\"\" srcset=\"https:\/\/escuelallanosubercaseaux.cl\/wp-content\/uploads\/2026\/04\/libro-150x150.png 150w, https:\/\/escuelallanosubercaseaux.cl\/wp-content\/uploads\/2026\/04\/libro-300x300.png 300w, https:\/\/escuelallanosubercaseaux.cl\/wp-content\/uploads\/2026\/04\/libro.png 413w\" sizes=\"(max-width: 150px) 100vw, 150px\" \/>\t\t\t\t\t\t\t\t\t\t\t\t\t\t\t<\/div>\n\t\t\t\t<\/div>\n\t\t\t\t<\/div>\n\t\t\t\t<div class=\"elementor-element elementor-element-88e0c98 elementor-widget elementor-widget-image\" data-id=\"88e0c98\" data-element_type=\"widget\" data-widget_type=\"image.default\">\n\t\t\t\t<div class=\"elementor-widget-container\">\n\t\t\t\t\t\t\t\t\t\t\t\t\t\t\t<img fetchpriority=\"high\" decoding=\"async\" width=\"764\" height=\"443\" src=\"https:\/\/escuelallanosubercaseaux.cl\/wp-content\/uploads\/2025\/08\/VER-GALERIA-2.jpg\" class=\"attachment-large size-large wp-image-941\" alt=\"\" srcset=\"https:\/\/escuelallanosubercaseaux.cl\/wp-content\/uploads\/2025\/08\/VER-GALERIA-2.jpg 764w, https:\/\/escuelallanosubercaseaux.cl\/wp-content\/uploads\/2025\/08\/VER-GALERIA-2-300x174.jpg 300w\" sizes=\"(max-width: 764px) 100vw, 764px\" \/>\t\t\t\t\t\t\t\t\t\t\t\t\t\t\t<\/div>\n\t\t\t\t<\/div>\n\t\t\t\t\t<\/div>\n\t\t\t\t<\/div>\n\t\t<div class=\"elementor-element elementor-element-fb9126c e-con-full e-flex e-con e-child\" data-id=\"fb9126c\" data-element_type=\"container\">\n\t\t<div class=\"elementor-element elementor-element-f70bdb0 e-con-full e-flex e-con e-child\" data-id=\"f70bdb0\" data-element_type=\"container\">\n\t\t\t\t<div class=\"elementor-element elementor-element-43a8eb8 elementor-widget elementor-widget-image\" data-id=\"43a8eb8\" data-element_type=\"widget\" data-widget_type=\"image.default\">\n\t\t\t\t<div class=\"elementor-widget-container\">\n\t\t\t\t\t\t\t\t\t\t\t\t\t\t\t<img decoding=\"async\" width=\"768\" height=\"1024\" src=\"https:\/\/escuelallanosubercaseaux.cl\/wp-content\/uploads\/2026\/04\/Dia-del-libro-23a-1-768x1024.jpeg\" class=\"attachment-large size-large wp-image-5705\" alt=\"\" srcset=\"https:\/\/escuelallanosubercaseaux.cl\/wp-content\/uploads\/2026\/04\/Dia-del-libro-23a-1-768x1024.jpeg 768w, https:\/\/escuelallanosubercaseaux.cl\/wp-content\/uploads\/2026\/04\/Dia-del-libro-23a-1-225x300.jpeg 225w, https:\/\/escuelallanosubercaseaux.cl\/wp-content\/uploads\/2026\/04\/Dia-del-libro-23a-1.jpeg 960w\" sizes=\"(max-width: 768px) 100vw, 768px\" \/>\t\t\t\t\t\t\t\t\t\t\t\t\t\t\t<\/div>\n\t\t\t\t<\/div>\n\t\t\t\t<\/div>\n\t\t<div class=\"elementor-element elementor-element-476199f e-con-full e-flex e-con e-child\" data-id=\"476199f\" data-element_type=\"container\">\n\t\t\t\t<div class=\"elementor-element elementor-element-f5e5301 elementor-widget elementor-widget-image\" data-id=\"f5e5301\" data-element_type=\"widget\" data-widget_type=\"image.default\">\n\t\t\t\t<div class=\"elementor-widget-container\">\n\t\t\t\t\t\t\t\t\t\t\t\t\t\t\t\t<a href=\"https:\/\/escuelallanosubercaseaux.cl\/?p=5634\">\n\t\t\t\t\t\t\t<img loading=\"lazy\" decoding=\"async\" width=\"800\" height=\"449\" src=\"https:\/\/escuelallanosubercaseaux.cl\/wp-content\/uploads\/2026\/04\/libro-Portada.png\" class=\"attachment-large size-large wp-image-5648\" alt=\"\" srcset=\"https:\/\/escuelallanosubercaseaux.cl\/wp-content\/uploads\/2026\/04\/libro-Portada.png 1017w, https:\/\/escuelallanosubercaseaux.cl\/wp-content\/uploads\/2026\/04\/libro-Portada-300x168.png 300w, https:\/\/escuelallanosubercaseaux.cl\/wp-content\/uploads\/2026\/04\/libro-Portada-768x431.png 768w\" sizes=\"(max-width: 800px) 100vw, 800px\" \/>\t\t\t\t\t\t\t\t<\/a>\n\t\t\t\t\t\t\t\t\t\t\t\t\t\t\t<\/div>\n\t\t\t\t<\/div>\n\t\t\t\t<\/div>\n\t\t<div class=\"elementor-element elementor-element-8416b6a e-con-full e-flex e-con e-child\" data-id=\"8416b6a\" data-element_type=\"container\">\n\t\t\t\t<div class=\"elementor-element elementor-element-3c57f69 elementor-widget elementor-widget-image\" data-id=\"3c57f69\" data-element_type=\"widget\" data-widget_type=\"image.default\">\n\t\t\t\t<div class=\"elementor-widget-container\">\n\t\t\t\t\t\t\t\t\t\t\t\t\t\t\t<img loading=\"lazy\" decoding=\"async\" width=\"768\" height=\"1024\" src=\"https:\/\/escuelallanosubercaseaux.cl\/wp-content\/uploads\/2026\/04\/Dia-del-libro-24a-768x1024.jpeg\" class=\"attachment-large size-large wp-image-5687\" alt=\"\" srcset=\"https:\/\/escuelallanosubercaseaux.cl\/wp-content\/uploads\/2026\/04\/Dia-del-libro-24a-768x1024.jpeg 768w, https:\/\/escuelallanosubercaseaux.cl\/wp-content\/uploads\/2026\/04\/Dia-del-libro-24a-225x300.jpeg 225w, https:\/\/escuelallanosubercaseaux.cl\/wp-content\/uploads\/2026\/04\/Dia-del-libro-24a.jpeg 960w\" sizes=\"(max-width: 768px) 100vw, 768px\" \/>\t\t\t\t\t\t\t\t\t\t\t\t\t\t\t<\/div>\n\t\t\t\t<\/div>\n\t\t\t\t<\/div>\n\t\t\t\t<\/div>\n\t\t<div class=\"elementor-element elementor-element-9a12473 e-con-full e-flex e-con e-child\" data-id=\"9a12473\" data-element_type=\"container\">\n\t\t<div class=\"elementor-element elementor-element-b0be237 e-con-full e-flex e-con e-child\" data-id=\"b0be237\" data-element_type=\"container\">\n\t\t\t\t<\/div>\n\t\t\t\t<\/div>\n\t\t\t\t\t<\/div>\n\t\t\t\t<\/div>\n\t\t<div class=\"elementor-element elementor-element-905f0d1 e-flex e-con-boxed e-con e-parent\" data-id=\"905f0d1\" data-element_type=\"container\">\n\t\t\t\t\t<div class=\"e-con-inner\">\n\t\t\t\t<div class=\"elementor-element elementor-element-90d9e81 elementor-widget elementor-widget-heading\" data-id=\"90d9e81\" data-element_type=\"widget\" data-widget_type=\"heading.default\">\n\t\t\t\t<div class=\"elementor-widget-container\">\n\t\t\t\t\t<h2 class=\"elementor-heading-title elementor-size-default\">Mes de la \"Convivencia Escolar\"<\/h2>\t\t\t\t<\/div>\n\t\t\t\t<\/div>\n\t\t<div class=\"elementor-element elementor-element-b2aa79a e-flex e-con-boxed e-con e-child\" data-id=\"b2aa79a\" data-element_type=\"container\">\n\t\t\t\t\t<div class=\"e-con-inner\">\n\t\t<div class=\"elementor-element elementor-element-84eedf0 e-con-full e-flex e-con e-child\" data-id=\"84eedf0\" data-element_type=\"container\">\n\t\t\t\t<div class=\"elementor-element elementor-element-6e1b943 elementor-widget elementor-widget-text-editor\" data-id=\"6e1b943\" data-element_type=\"widget\" data-widget_type=\"text-editor.default\">\n\t\t\t\t<div class=\"elementor-widget-container\">\n\t\t\t\t\t\t\t\t\t<p data-start=\"76\" data-end=\"290\">Durante el mes de abril, nuestra escuela\u00a0<strong data-start=\"117\" data-end=\"139\">Llano Subercaseaux<\/strong>\u00a0celebra el\u00a0<strong data-start=\"151\" data-end=\"184\">Mes de la Convivencia Escolar<\/strong>, una instancia especialmente pensada para\u00a0<strong data-start=\"227\" data-end=\"251\">fortalecer los lazos<\/strong>\u00a0que nos unen como comunidad educativa.<\/p><p data-start=\"292\" data-end=\"596\">Es un tiempo para\u00a0<strong data-start=\"310\" data-end=\"355\">compartir, dialogar y aprender a convivir<\/strong>, promoviendo valores fundamentales como el\u00a0<strong data-start=\"399\" data-end=\"450\">respeto, la empat\u00eda, la amistad y el buen trato<\/strong>.\u00a0<\/p>\t\t\t\t\t\t\t\t<\/div>\n\t\t\t\t<\/div>\n\t\t\t\t<\/div>\n\t\t<div class=\"elementor-element elementor-element-9985886 e-con-full e-flex e-con e-child\" data-id=\"9985886\" data-element_type=\"container\">\n\t\t\t\t<div class=\"elementor-element elementor-element-2e82641 elementor-widget elementor-widget-image\" data-id=\"2e82641\" data-element_type=\"widget\" data-widget_type=\"image.default\">\n\t\t\t\t<div class=\"elementor-widget-container\">\n\t\t\t\t\t\t\t\t\t\t\t\t\t\t\t<img loading=\"lazy\" decoding=\"async\" width=\"150\" height=\"150\" src=\"https:\/\/escuelallanosubercaseaux.cl\/wp-content\/uploads\/2026\/04\/Conv.-Educat-150x150.png\" class=\"attachment-thumbnail size-thumbnail wp-image-5621\" alt=\"\" \/>\t\t\t\t\t\t\t\t\t\t\t\t\t\t\t<\/div>\n\t\t\t\t<\/div>\n\t\t\t\t<\/div>\n\t\t\t\t<div class=\"elementor-element elementor-element-5b71a97 elementor-widget elementor-widget-image\" data-id=\"5b71a97\" data-element_type=\"widget\" data-widget_type=\"image.default\">\n\t\t\t\t<div class=\"elementor-widget-container\">\n\t\t\t\t\t\t\t\t\t\t\t\t\t\t\t<img fetchpriority=\"high\" decoding=\"async\" width=\"764\" height=\"443\" src=\"https:\/\/escuelallanosubercaseaux.cl\/wp-content\/uploads\/2025\/08\/VER-GALERIA-2.jpg\" class=\"attachment-large size-large wp-image-941\" alt=\"\" srcset=\"https:\/\/escuelallanosubercaseaux.cl\/wp-content\/uploads\/2025\/08\/VER-GALERIA-2.jpg 764w, https:\/\/escuelallanosubercaseaux.cl\/wp-content\/uploads\/2025\/08\/VER-GALERIA-2-300x174.jpg 300w\" sizes=\"(max-width: 764px) 100vw, 764px\" \/>\t\t\t\t\t\t\t\t\t\t\t\t\t\t\t<\/div>\n\t\t\t\t<\/div>\n\t\t\t\t\t<\/div>\n\t\t\t\t<\/div>\n\t\t<div class=\"elementor-element elementor-element-2079b39 e-grid e-con-full e-con e-child\" data-id=\"2079b39\" data-element_type=\"container\">\n\t\t\t\t<div class=\"elementor-element elementor-element-f27f9f9 elementor-widget elementor-widget-image\" data-id=\"f27f9f9\" data-element_type=\"widget\" data-widget_type=\"image.default\">\n\t\t\t\t<div class=\"elementor-widget-container\">\n\t\t\t\t\t\t\t\t\t\t\t\t\t\t\t<img loading=\"lazy\" decoding=\"async\" width=\"800\" height=\"1000\" src=\"https:\/\/escuelallanosubercaseaux.cl\/wp-content\/uploads\/2026\/04\/Mes-de-la-Convivencia-01-819x1024.jpeg\" class=\"attachment-large size-large wp-image-5609\" alt=\"\" srcset=\"https:\/\/escuelallanosubercaseaux.cl\/wp-content\/uploads\/2026\/04\/Mes-de-la-Convivencia-01-819x1024.jpeg 819w, https:\/\/escuelallanosubercaseaux.cl\/wp-content\/uploads\/2026\/04\/Mes-de-la-Convivencia-01-240x300.jpeg 240w, https:\/\/escuelallanosubercaseaux.cl\/wp-content\/uploads\/2026\/04\/Mes-de-la-Convivencia-01-768x960.jpeg 768w, https:\/\/escuelallanosubercaseaux.cl\/wp-content\/uploads\/2026\/04\/Mes-de-la-Convivencia-01.jpeg 1024w\" sizes=\"(max-width: 800px) 100vw, 800px\" \/>\t\t\t\t\t\t\t\t\t\t\t\t\t\t\t<\/div>\n\t\t\t\t<\/div>\n\t\t\t\t<div class=\"elementor-element elementor-element-e315901 elementor-widget elementor-widget-image\" data-id=\"e315901\" data-element_type=\"widget\" data-widget_type=\"image.default\">\n\t\t\t\t<div class=\"elementor-widget-container\">\n\t\t\t\t\t\t\t\t\t\t\t\t\t\t\t<img loading=\"lazy\" decoding=\"async\" width=\"800\" height=\"1000\" src=\"https:\/\/escuelallanosubercaseaux.cl\/wp-content\/uploads\/2026\/04\/Mes-de-la-Convivencia-02-819x1024.jpeg\" class=\"attachment-large size-large wp-image-5610\" alt=\"\" srcset=\"https:\/\/escuelallanosubercaseaux.cl\/wp-content\/uploads\/2026\/04\/Mes-de-la-Convivencia-02-819x1024.jpeg 819w, https:\/\/escuelallanosubercaseaux.cl\/wp-content\/uploads\/2026\/04\/Mes-de-la-Convivencia-02-240x300.jpeg 240w, https:\/\/escuelallanosubercaseaux.cl\/wp-content\/uploads\/2026\/04\/Mes-de-la-Convivencia-02-768x960.jpeg 768w, https:\/\/escuelallanosubercaseaux.cl\/wp-content\/uploads\/2026\/04\/Mes-de-la-Convivencia-02.jpeg 1024w\" sizes=\"(max-width: 800px) 100vw, 800px\" \/>\t\t\t\t\t\t\t\t\t\t\t\t\t\t\t<\/div>\n\t\t\t\t<\/div>\n\t\t\t\t<div class=\"elementor-element elementor-element-9c68951 elementor-widget elementor-widget-image\" data-id=\"9c68951\" data-element_type=\"widget\" data-widget_type=\"image.default\">\n\t\t\t\t<div class=\"elementor-widget-container\">\n\t\t\t\t\t\t\t\t\t\t\t\t\t\t\t<img loading=\"lazy\" decoding=\"async\" width=\"800\" height=\"1000\" src=\"https:\/\/escuelallanosubercaseaux.cl\/wp-content\/uploads\/2026\/04\/Mes-de-la-Convivencia-03-819x1024.jpeg\" class=\"attachment-large size-large wp-image-5611\" alt=\"\" srcset=\"https:\/\/escuelallanosubercaseaux.cl\/wp-content\/uploads\/2026\/04\/Mes-de-la-Convivencia-03-819x1024.jpeg 819w, https:\/\/escuelallanosubercaseaux.cl\/wp-content\/uploads\/2026\/04\/Mes-de-la-Convivencia-03-240x300.jpeg 240w, https:\/\/escuelallanosubercaseaux.cl\/wp-content\/uploads\/2026\/04\/Mes-de-la-Convivencia-03-768x960.jpeg 768w, https:\/\/escuelallanosubercaseaux.cl\/wp-content\/uploads\/2026\/04\/Mes-de-la-Convivencia-03.jpeg 1024w\" sizes=\"(max-width: 800px) 100vw, 800px\" \/>\t\t\t\t\t\t\t\t\t\t\t\t\t\t\t<\/div>\n\t\t\t\t<\/div>\n\t\t\t\t<\/div>\n\t\t<div class=\"elementor-element elementor-element-406831f e-con-full e-flex e-con e-child\" data-id=\"406831f\" data-element_type=\"container\">\n\t\t\t\t<\/div>\n\t\t\t\t\t<\/div>\n\t\t\t\t<\/div>\n\t\t<div class=\"elementor-element elementor-element-f7b8220 e-flex e-con-boxed e-con e-parent\" data-id=\"f7b8220\" data-element_type=\"container\">\n\t\t\t\t\t<div class=\"e-con-inner\">\n\t\t\t\t<div class=\"elementor-element elementor-element-821d570 elementor-widget elementor-widget-heading\" data-id=\"821d570\" data-element_type=\"widget\" data-widget_type=\"heading.default\">\n\t\t\t\t<div class=\"elementor-widget-container\">\n\t\t\t\t\t<h2 class=\"elementor-heading-title elementor-size-default\">Radio Escolar \"RALLANO\"<\/h2>\t\t\t\t<\/div>\n\t\t\t\t<\/div>\n\t\t<div class=\"elementor-element elementor-element-b4cb55a e-flex e-con-boxed e-con e-child\" data-id=\"b4cb55a\" data-element_type=\"container\">\n\t\t\t\t\t<div class=\"e-con-inner\">\n\t\t<div class=\"elementor-element elementor-element-df26c85 e-con-full e-flex e-con e-child\" data-id=\"df26c85\" data-element_type=\"container\">\n\t\t\t\t<div class=\"elementor-element elementor-element-a7c3930 elementor-widget elementor-widget-text-editor\" data-id=\"a7c3930\" data-element_type=\"widget\" data-widget_type=\"text-editor.default\">\n\t\t\t\t<div class=\"elementor-widget-container\">\n\t\t\t\t\t\t\t\t\t<p data-start=\"232\" data-end=\"415\">En la\u00a0<strong data-start=\"238\" data-end=\"268\">Escuela Llano Subercaseaux<\/strong>, nuestra radio escolar\u00a0<strong data-start=\"292\" data-end=\"303\">Rallano<\/strong>\u00a0se ha transformado en un espacio de encuentro, participaci\u00f3n y entretenci\u00f3n para toda la comunidad educativa.<\/p><p data-start=\"417\" data-end=\"704\">M\u00e1s que solo m\u00fasica, Radio Rallano ofrece instancias din\u00e1micas que fomentan la\u00a0<strong data-start=\"496\" data-end=\"548\">alegr\u00eda, la creatividad y la convivencia escolar<\/strong>.<\/p>\t\t\t\t\t\t\t\t<\/div>\n\t\t\t\t<\/div>\n\t\t\t\t<\/div>\n\t\t<div class=\"elementor-element elementor-element-8e4b459 e-con-full e-flex e-con e-child\" data-id=\"8e4b459\" data-element_type=\"container\">\n\t\t\t\t<div class=\"elementor-element elementor-element-e4f169f elementor-widget elementor-widget-image\" data-id=\"e4f169f\" data-element_type=\"widget\" data-widget_type=\"image.default\">\n\t\t\t\t<div class=\"elementor-widget-container\">\n\t\t\t\t\t\t\t\t\t\t\t\t\t\t\t<img loading=\"lazy\" decoding=\"async\" width=\"150\" height=\"150\" src=\"https:\/\/escuelallanosubercaseaux.cl\/wp-content\/uploads\/2025\/08\/Radio-150x150.jpg\" class=\"attachment-thumbnail size-thumbnail wp-image-998\" alt=\"\" \/>\t\t\t\t\t\t\t\t\t\t\t\t\t\t\t<\/div>\n\t\t\t\t<\/div>\n\t\t\t\t<\/div>\n\t\t\t\t<div class=\"elementor-element elementor-element-bc171f0 elementor-widget elementor-widget-image\" data-id=\"bc171f0\" data-element_type=\"widget\" data-widget_type=\"image.default\">\n\t\t\t\t<div class=\"elementor-widget-container\">\n\t\t\t\t\t\t\t\t\t\t\t\t\t\t\t<img fetchpriority=\"high\" decoding=\"async\" width=\"764\" height=\"443\" src=\"https:\/\/escuelallanosubercaseaux.cl\/wp-content\/uploads\/2025\/08\/VER-GALERIA-2.jpg\" class=\"attachment-large size-large wp-image-941\" alt=\"\" srcset=\"https:\/\/escuelallanosubercaseaux.cl\/wp-content\/uploads\/2025\/08\/VER-GALERIA-2.jpg 764w, https:\/\/escuelallanosubercaseaux.cl\/wp-content\/uploads\/2025\/08\/VER-GALERIA-2-300x174.jpg 300w\" sizes=\"(max-width: 764px) 100vw, 764px\" \/>\t\t\t\t\t\t\t\t\t\t\t\t\t\t\t<\/div>\n\t\t\t\t<\/div>\n\t\t\t\t\t<\/div>\n\t\t\t\t<\/div>\n\t\t<div class=\"elementor-element elementor-element-2d9e454 e-con-full e-flex e-con e-child\" data-id=\"2d9e454\" data-element_type=\"container\">\n\t\t<div class=\"elementor-element elementor-element-3bb1b59 e-con-full e-flex e-con e-child\" data-id=\"3bb1b59\" data-element_type=\"container\">\n\t\t\t\t<div class=\"elementor-element elementor-element-730bcf2 elementor-widget elementor-widget-image\" data-id=\"730bcf2\" data-element_type=\"widget\" data-widget_type=\"image.default\">\n\t\t\t\t<div class=\"elementor-widget-container\">\n\t\t\t\t\t\t\t\t\t\t\t\t\t\t\t<img loading=\"lazy\" decoding=\"async\" width=\"768\" height=\"1024\" src=\"https:\/\/escuelallanosubercaseaux.cl\/wp-content\/uploads\/2026\/04\/Rallano-01b-768x1024.jpeg\" class=\"attachment-large size-large wp-image-5573\" alt=\"\" srcset=\"https:\/\/escuelallanosubercaseaux.cl\/wp-content\/uploads\/2026\/04\/Rallano-01b-768x1024.jpeg 768w, https:\/\/escuelallanosubercaseaux.cl\/wp-content\/uploads\/2026\/04\/Rallano-01b-225x300.jpeg 225w, https:\/\/escuelallanosubercaseaux.cl\/wp-content\/uploads\/2026\/04\/Rallano-01b-1152x1536.jpeg 1152w, https:\/\/escuelallanosubercaseaux.cl\/wp-content\/uploads\/2026\/04\/Rallano-01b.jpeg 1200w\" sizes=\"(max-width: 768px) 100vw, 768px\" \/>\t\t\t\t\t\t\t\t\t\t\t\t\t\t\t<\/div>\n\t\t\t\t<\/div>\n\t\t\t\t<\/div>\n\t\t<div class=\"elementor-element elementor-element-1612723 e-con-full e-flex e-con e-child\" data-id=\"1612723\" data-element_type=\"container\">\n\t\t\t\t<div class=\"elementor-element elementor-element-c76b8c0 elementor-widget elementor-widget-image\" data-id=\"c76b8c0\" data-element_type=\"widget\" data-widget_type=\"image.default\">\n\t\t\t\t<div class=\"elementor-widget-container\">\n\t\t\t\t\t\t\t\t\t\t\t\t\t\t\t\t<a href=\"https:\/\/escuelallanosubercaseaux.cl\/?p=5564\">\n\t\t\t\t\t\t\t<img loading=\"lazy\" decoding=\"async\" width=\"800\" height=\"451\" src=\"https:\/\/escuelallanosubercaseaux.cl\/wp-content\/uploads\/2026\/04\/Rallano.png\" class=\"attachment-large size-large wp-image-5565\" alt=\"\" srcset=\"https:\/\/escuelallanosubercaseaux.cl\/wp-content\/uploads\/2026\/04\/Rallano.png 1017w, https:\/\/escuelallanosubercaseaux.cl\/wp-content\/uploads\/2026\/04\/Rallano-300x169.png 300w, https:\/\/escuelallanosubercaseaux.cl\/wp-content\/uploads\/2026\/04\/Rallano-768x433.png 768w\" sizes=\"(max-width: 800px) 100vw, 800px\" \/>\t\t\t\t\t\t\t\t<\/a>\n\t\t\t\t\t\t\t\t\t\t\t\t\t\t\t<\/div>\n\t\t\t\t<\/div>\n\t\t\t\t<\/div>\n\t\t<div class=\"elementor-element elementor-element-14ee98c e-con-full e-flex e-con e-child\" data-id=\"14ee98c\" data-element_type=\"container\">\n\t\t\t\t<div class=\"elementor-element elementor-element-7234830 elementor-widget elementor-widget-image\" data-id=\"7234830\" data-element_type=\"widget\" data-widget_type=\"image.default\">\n\t\t\t\t<div class=\"elementor-widget-container\">\n\t\t\t\t\t\t\t\t\t\t\t\t\t\t\t<img loading=\"lazy\" decoding=\"async\" width=\"768\" height=\"1024\" src=\"https:\/\/escuelallanosubercaseaux.cl\/wp-content\/uploads\/2026\/04\/Rallano-01c-768x1024.jpeg\" class=\"attachment-large size-large wp-image-5574\" alt=\"\" srcset=\"https:\/\/escuelallanosubercaseaux.cl\/wp-content\/uploads\/2026\/04\/Rallano-01c-768x1024.jpeg 768w, https:\/\/escuelallanosubercaseaux.cl\/wp-content\/uploads\/2026\/04\/Rallano-01c-225x300.jpeg 225w, https:\/\/escuelallanosubercaseaux.cl\/wp-content\/uploads\/2026\/04\/Rallano-01c-1152x1536.jpeg 1152w, https:\/\/escuelallanosubercaseaux.cl\/wp-content\/uploads\/2026\/04\/Rallano-01c.jpeg 1200w\" sizes=\"(max-width: 768px) 100vw, 768px\" \/>\t\t\t\t\t\t\t\t\t\t\t\t\t\t\t<\/div>\n\t\t\t\t<\/div>\n\t\t\t\t<\/div>\n\t\t\t\t<\/div>\n\t\t<div class=\"elementor-element elementor-element-9173ef6 e-con-full e-flex e-con e-child\" data-id=\"9173ef6\" data-element_type=\"container\">\n\t\t<div class=\"elementor-element elementor-element-4e66929 e-con-full e-flex e-con e-child\" data-id=\"4e66929\" data-element_type=\"container\">\n\t\t\t\t<\/div>\n\t\t\t\t<\/div>\n\t\t\t\t\t<\/div>\n\t\t\t\t<\/div>\n\t\t<div class=\"elementor-element elementor-element-a08f217 e-flex e-con-boxed e-con e-parent\" data-id=\"a08f217\" data-element_type=\"container\">\n\t\t\t\t\t<div class=\"e-con-inner\">\n\t\t\t\t<div class=\"elementor-element elementor-element-e098665 elementor-widget elementor-widget-heading\" data-id=\"e098665\" data-element_type=\"widget\" data-widget_type=\"heading.default\">\n\t\t\t\t<div class=\"elementor-widget-container\">\n\t\t\t\t\t<h2 class=\"elementor-heading-title elementor-size-default\">Taller de Huerto Escolar<\/h2>\t\t\t\t<\/div>\n\t\t\t\t<\/div>\n\t\t<div class=\"elementor-element elementor-element-ead4372 e-flex e-con-boxed e-con e-child\" data-id=\"ead4372\" data-element_type=\"container\">\n\t\t\t\t\t<div class=\"e-con-inner\">\n\t\t<div class=\"elementor-element elementor-element-b194957 e-con-full e-flex e-con e-child\" data-id=\"b194957\" data-element_type=\"container\">\n\t\t\t\t<div class=\"elementor-element elementor-element-9d1f057 elementor-widget elementor-widget-text-editor\" data-id=\"9d1f057\" data-element_type=\"widget\" data-widget_type=\"text-editor.default\">\n\t\t\t\t<div class=\"elementor-widget-container\">\n\t\t\t\t\t\t\t\t\t<p data-start=\"198\" data-end=\"378\">En la Escuela Llano Subercaseaux, seguimos impulsando aprendizajes significativos a trav\u00e9s de experiencias pr\u00e1cticas. Nuestro <strong data-start=\"326\" data-end=\"344\">Huerto Escolar<\/strong> es un claro ejemplo de esto: un espacio donde los y las estudiantes participan activamente en todo el proceso agr\u00edcola, desde la siembra hasta la cosecha..<\/p>\t\t\t\t\t\t\t\t<\/div>\n\t\t\t\t<\/div>\n\t\t\t\t<\/div>\n\t\t<div class=\"elementor-element elementor-element-54c13ca e-con-full e-flex e-con e-child\" data-id=\"54c13ca\" data-element_type=\"container\">\n\t\t\t\t<div class=\"elementor-element elementor-element-7b852e1 elementor-widget elementor-widget-image\" data-id=\"7b852e1\" data-element_type=\"widget\" data-widget_type=\"image.default\">\n\t\t\t\t<div class=\"elementor-widget-container\">\n\t\t\t\t\t\t\t\t\t\t\t\t\t\t\t<img loading=\"lazy\" decoding=\"async\" width=\"150\" height=\"150\" src=\"https:\/\/escuelallanosubercaseaux.cl\/wp-content\/uploads\/2025\/08\/Huerto-portal-01-150x150.jpg\" class=\"attachment-thumbnail size-thumbnail wp-image-906\" alt=\"\" \/>\t\t\t\t\t\t\t\t\t\t\t\t\t\t\t<\/div>\n\t\t\t\t<\/div>\n\t\t\t\t<\/div>\n\t\t\t\t<div class=\"elementor-element elementor-element-6448058 elementor-widget elementor-widget-image\" data-id=\"6448058\" data-element_type=\"widget\" data-widget_type=\"image.default\">\n\t\t\t\t<div class=\"elementor-widget-container\">\n\t\t\t\t\t\t\t\t\t\t\t\t\t\t\t<img fetchpriority=\"high\" decoding=\"async\" width=\"764\" height=\"443\" src=\"https:\/\/escuelallanosubercaseaux.cl\/wp-content\/uploads\/2025\/08\/VER-GALERIA-2.jpg\" class=\"attachment-large size-large wp-image-941\" alt=\"\" srcset=\"https:\/\/escuelallanosubercaseaux.cl\/wp-content\/uploads\/2025\/08\/VER-GALERIA-2.jpg 764w, https:\/\/escuelallanosubercaseaux.cl\/wp-content\/uploads\/2025\/08\/VER-GALERIA-2-300x174.jpg 300w\" sizes=\"(max-width: 764px) 100vw, 764px\" \/>\t\t\t\t\t\t\t\t\t\t\t\t\t\t\t<\/div>\n\t\t\t\t<\/div>\n\t\t\t\t\t<\/div>\n\t\t\t\t<\/div>\n\t\t<div class=\"elementor-element elementor-element-60b8576 e-con-full e-flex e-con e-child\" data-id=\"60b8576\" data-element_type=\"container\">\n\t\t<div class=\"elementor-element elementor-element-2172cab e-con-full e-flex e-con e-child\" data-id=\"2172cab\" data-element_type=\"container\">\n\t\t<div class=\"elementor-element elementor-element-030a83f e-con-full e-flex e-con e-child\" data-id=\"030a83f\" data-element_type=\"container\">\n\t\t\t\t<div class=\"elementor-element elementor-element-51f8e9e elementor-widget elementor-widget-image\" data-id=\"51f8e9e\" data-element_type=\"widget\" data-widget_type=\"image.default\">\n\t\t\t\t<div class=\"elementor-widget-container\">\n\t\t\t\t\t\t\t\t\t\t\t\t\t\t\t<img loading=\"lazy\" decoding=\"async\" width=\"734\" height=\"1024\" src=\"https:\/\/escuelallanosubercaseaux.cl\/wp-content\/uploads\/2026\/04\/Huerto-01a-734x1024.png\" class=\"attachment-large size-large wp-image-5539\" alt=\"\" srcset=\"https:\/\/escuelallanosubercaseaux.cl\/wp-content\/uploads\/2026\/04\/Huerto-01a-734x1024.png 734w, https:\/\/escuelallanosubercaseaux.cl\/wp-content\/uploads\/2026\/04\/Huerto-01a-215x300.png 215w, https:\/\/escuelallanosubercaseaux.cl\/wp-content\/uploads\/2026\/04\/Huerto-01a-768x1072.png 768w, https:\/\/escuelallanosubercaseaux.cl\/wp-content\/uploads\/2026\/04\/Huerto-01a.png 936w\" sizes=\"(max-width: 734px) 100vw, 734px\" \/>\t\t\t\t\t\t\t\t\t\t\t\t\t\t\t<\/div>\n\t\t\t\t<\/div>\n\t\t\t\t<\/div>\n\t\t<div class=\"elementor-element elementor-element-47c381f e-con-full e-flex e-con e-child\" data-id=\"47c381f\" data-element_type=\"container\">\n\t\t\t\t<div class=\"elementor-element elementor-element-2297706 elementor-widget elementor-widget-image\" data-id=\"2297706\" data-element_type=\"widget\" data-widget_type=\"image.default\">\n\t\t\t\t<div class=\"elementor-widget-container\">\n\t\t\t\t\t\t\t\t\t\t\t\t\t\t\t\t<a href=\"https:\/\/escuelallanosubercaseaux.cl\/?p=5543\">\n\t\t\t\t\t\t\t<img loading=\"lazy\" decoding=\"async\" width=\"800\" height=\"450\" src=\"https:\/\/escuelallanosubercaseaux.cl\/wp-content\/uploads\/2026\/04\/Huerto.png\" class=\"attachment-large size-large wp-image-5533\" alt=\"\" srcset=\"https:\/\/escuelallanosubercaseaux.cl\/wp-content\/uploads\/2026\/04\/Huerto.png 1018w, https:\/\/escuelallanosubercaseaux.cl\/wp-content\/uploads\/2026\/04\/Huerto-300x169.png 300w, https:\/\/escuelallanosubercaseaux.cl\/wp-content\/uploads\/2026\/04\/Huerto-768x432.png 768w\" sizes=\"(max-width: 800px) 100vw, 800px\" \/>\t\t\t\t\t\t\t\t<\/a>\n\t\t\t\t\t\t\t\t\t\t\t\t\t\t\t<\/div>\n\t\t\t\t<\/div>\n\t\t\t\t<\/div>\n\t\t<div class=\"elementor-element elementor-element-b4b2abc e-con-full e-flex e-con e-child\" data-id=\"b4b2abc\" data-element_type=\"container\">\n\t\t\t\t<div class=\"elementor-element elementor-element-844b865 elementor-widget elementor-widget-image\" data-id=\"844b865\" data-element_type=\"widget\" data-widget_type=\"image.default\">\n\t\t\t\t<div class=\"elementor-widget-container\">\n\t\t\t\t\t\t\t\t\t\t\t\t\t\t\t<img loading=\"lazy\" decoding=\"async\" width=\"768\" height=\"1024\" src=\"https:\/\/escuelallanosubercaseaux.cl\/wp-content\/uploads\/2025\/08\/Huerto-09-768x1024.jpeg\" class=\"attachment-large size-large wp-image-822\" alt=\"\" srcset=\"https:\/\/escuelallanosubercaseaux.cl\/wp-content\/uploads\/2025\/08\/Huerto-09-768x1024.jpeg 768w, https:\/\/escuelallanosubercaseaux.cl\/wp-content\/uploads\/2025\/08\/Huerto-09-225x300.jpeg 225w, https:\/\/escuelallanosubercaseaux.cl\/wp-content\/uploads\/2025\/08\/Huerto-09-1152x1536.jpeg 1152w, https:\/\/escuelallanosubercaseaux.cl\/wp-content\/uploads\/2025\/08\/Huerto-09.jpeg 1200w\" sizes=\"(max-width: 768px) 100vw, 768px\" \/>\t\t\t\t\t\t\t\t\t\t\t\t\t\t\t<\/div>\n\t\t\t\t<\/div>\n\t\t\t\t<\/div>\n\t\t\t\t<\/div>\n\t\t<div class=\"elementor-element elementor-element-03e2d9a e-con-full e-flex e-con e-child\" data-id=\"03e2d9a\" data-element_type=\"container\">\n\t\t\t\t<\/div>\n\t\t\t\t<\/div>\n\t\t\t\t\t<\/div>\n\t\t\t\t<\/div>\n\t\t<div class=\"elementor-element elementor-element-75fecc6 e-flex e-con-boxed e-con e-parent\" data-id=\"75fecc6\" data-element_type=\"container\">\n\t\t\t\t\t<div class=\"e-con-inner\">\n\t\t\t\t<div class=\"elementor-element elementor-element-812dbe6 elementor-widget elementor-widget-heading\" data-id=\"812dbe6\" data-element_type=\"widget\" data-widget_type=\"heading.default\">\n\t\t\t\t<div class=\"elementor-widget-container\">\n\t\t\t\t\t<h2 class=\"elementor-heading-title elementor-size-default\">D\u00eda de la Actividad F\u00edsica<\/h2>\t\t\t\t<\/div>\n\t\t\t\t<\/div>\n\t\t<div class=\"elementor-element elementor-element-c0da4c9 e-flex e-con-boxed e-con e-child\" data-id=\"c0da4c9\" data-element_type=\"container\">\n\t\t\t\t\t<div class=\"e-con-inner\">\n\t\t<div class=\"elementor-element elementor-element-e4e5d7b e-con-full e-flex e-con e-child\" data-id=\"e4e5d7b\" data-element_type=\"container\">\n\t\t\t\t<div class=\"elementor-element elementor-element-3ae631d elementor-widget elementor-widget-text-editor\" data-id=\"3ae631d\" data-element_type=\"widget\" data-widget_type=\"text-editor.default\">\n\t\t\t\t<div class=\"elementor-widget-container\">\n\t\t\t\t\t\t\t\t\t<p data-start=\"198\" data-end=\"378\">El pasado <strong data-start=\"208\" data-end=\"233\">mi\u00e9rcoles 08 de abril<\/strong>, nuestra escuela vivi\u00f3 una jornada llena de <strong data-start=\"278\" data-end=\"311\">energ\u00eda, movimiento y alegr\u00eda<\/strong>, en el marco de la celebraci\u00f3n del <strong data-start=\"347\" data-end=\"377\">D\u00eda de la Actividad F\u00edsica<\/strong>.<\/p><p data-start=\"380\" data-end=\"719\">En esta significativa instancia participaron con gran entusiasmo nuestros estudiantes de <strong data-start=\"469\" data-end=\"492\">Pre-K\u00ednder y K\u00ednder<\/strong>, quienes, junto a ni\u00f1os y ni\u00f1as invitados de los jardines infantiles <strong data-start=\"562\" data-end=\"574\">El Llano<\/strong> y <strong data-start=\"577\" data-end=\"588\">Rukantu<\/strong> de la comuna de San Miguel, disfrutaron de una experiencia inolvidable.<\/p>\t\t\t\t\t\t\t\t<\/div>\n\t\t\t\t<\/div>\n\t\t\t\t<\/div>\n\t\t<div class=\"elementor-element elementor-element-c16c20d e-con-full e-flex e-con e-child\" data-id=\"c16c20d\" data-element_type=\"container\">\n\t\t\t\t<div class=\"elementor-element elementor-element-039c131 elementor-widget elementor-widget-image\" data-id=\"039c131\" data-element_type=\"widget\" data-widget_type=\"image.default\">\n\t\t\t\t<div class=\"elementor-widget-container\">\n\t\t\t\t\t\t\t\t\t\t\t\t\t\t\t<img loading=\"lazy\" decoding=\"async\" width=\"150\" height=\"150\" src=\"https:\/\/escuelallanosubercaseaux.cl\/wp-content\/uploads\/2026\/04\/Actividad-Fisica-150x150.png\" class=\"attachment-thumbnail size-thumbnail wp-image-5509\" alt=\"\" \/>\t\t\t\t\t\t\t\t\t\t\t\t\t\t\t<\/div>\n\t\t\t\t<\/div>\n\t\t\t\t<\/div>\n\t\t\t\t<div class=\"elementor-element elementor-element-9a7e855 elementor-widget elementor-widget-image\" data-id=\"9a7e855\" data-element_type=\"widget\" data-widget_type=\"image.default\">\n\t\t\t\t<div class=\"elementor-widget-container\">\n\t\t\t\t\t\t\t\t\t\t\t\t\t\t\t<img fetchpriority=\"high\" decoding=\"async\" width=\"764\" height=\"443\" src=\"https:\/\/escuelallanosubercaseaux.cl\/wp-content\/uploads\/2025\/08\/VER-GALERIA-2.jpg\" class=\"attachment-large size-large wp-image-941\" alt=\"\" srcset=\"https:\/\/escuelallanosubercaseaux.cl\/wp-content\/uploads\/2025\/08\/VER-GALERIA-2.jpg 764w, https:\/\/escuelallanosubercaseaux.cl\/wp-content\/uploads\/2025\/08\/VER-GALERIA-2-300x174.jpg 300w\" sizes=\"(max-width: 764px) 100vw, 764px\" \/>\t\t\t\t\t\t\t\t\t\t\t\t\t\t\t<\/div>\n\t\t\t\t<\/div>\n\t\t\t\t\t<\/div>\n\t\t\t\t<\/div>\n\t\t<div class=\"elementor-element elementor-element-61c94c0 e-con-full e-flex e-con e-child\" data-id=\"61c94c0\" data-element_type=\"container\">\n\t\t<div class=\"elementor-element elementor-element-aaf377b e-con-full e-flex e-con e-child\" data-id=\"aaf377b\" data-element_type=\"container\">\n\t\t<div class=\"elementor-element elementor-element-eea542c e-con-full e-flex e-con e-child\" data-id=\"eea542c\" data-element_type=\"container\">\n\t\t\t\t<div class=\"elementor-element elementor-element-fa1d745 elementor-widget elementor-widget-image\" data-id=\"fa1d745\" data-element_type=\"widget\" data-widget_type=\"image.default\">\n\t\t\t\t<div class=\"elementor-widget-container\">\n\t\t\t\t\t\t\t\t\t\t\t\t\t\t\t<img loading=\"lazy\" decoding=\"async\" width=\"768\" height=\"1024\" src=\"https:\/\/escuelallanosubercaseaux.cl\/wp-content\/uploads\/2026\/04\/Vida-saludable-02a-768x1024.jpeg\" class=\"attachment-large size-large wp-image-5477\" alt=\"\" srcset=\"https:\/\/escuelallanosubercaseaux.cl\/wp-content\/uploads\/2026\/04\/Vida-saludable-02a-768x1024.jpeg 768w, https:\/\/escuelallanosubercaseaux.cl\/wp-content\/uploads\/2026\/04\/Vida-saludable-02a-225x300.jpeg 225w, https:\/\/escuelallanosubercaseaux.cl\/wp-content\/uploads\/2026\/04\/Vida-saludable-02a-1152x1536.jpeg 1152w, https:\/\/escuelallanosubercaseaux.cl\/wp-content\/uploads\/2026\/04\/Vida-saludable-02a.jpeg 1200w\" sizes=\"(max-width: 768px) 100vw, 768px\" \/>\t\t\t\t\t\t\t\t\t\t\t\t\t\t\t<\/div>\n\t\t\t\t<\/div>\n\t\t\t\t<\/div>\n\t\t<div class=\"elementor-element elementor-element-525fa71 e-con-full e-flex e-con e-child\" data-id=\"525fa71\" data-element_type=\"container\">\n\t\t\t\t<div class=\"elementor-element elementor-element-f7785d4 elementor-widget elementor-widget-image\" data-id=\"f7785d4\" data-element_type=\"widget\" data-widget_type=\"image.default\">\n\t\t\t\t<div class=\"elementor-widget-container\">\n\t\t\t\t\t\t\t\t\t\t\t\t\t\t\t\t<a href=\"https:\/\/escuelallanosubercaseaux.cl\/?p=5491\">\n\t\t\t\t\t\t\t<img loading=\"lazy\" decoding=\"async\" width=\"800\" height=\"451\" src=\"https:\/\/escuelallanosubercaseaux.cl\/wp-content\/uploads\/2026\/04\/Actividad-Fisica-Portada.png\" class=\"attachment-large size-large wp-image-5517\" alt=\"\" srcset=\"https:\/\/escuelallanosubercaseaux.cl\/wp-content\/uploads\/2026\/04\/Actividad-Fisica-Portada.png 1020w, https:\/\/escuelallanosubercaseaux.cl\/wp-content\/uploads\/2026\/04\/Actividad-Fisica-Portada-300x169.png 300w, https:\/\/escuelallanosubercaseaux.cl\/wp-content\/uploads\/2026\/04\/Actividad-Fisica-Portada-768x433.png 768w\" sizes=\"(max-width: 800px) 100vw, 800px\" \/>\t\t\t\t\t\t\t\t<\/a>\n\t\t\t\t\t\t\t\t\t\t\t\t\t\t\t<\/div>\n\t\t\t\t<\/div>\n\t\t\t\t<\/div>\n\t\t<div class=\"elementor-element elementor-element-d858a99 e-con-full e-flex e-con e-child\" data-id=\"d858a99\" data-element_type=\"container\">\n\t\t\t\t<div class=\"elementor-element elementor-element-6889a35 elementor-widget elementor-widget-image\" data-id=\"6889a35\" data-element_type=\"widget\" data-widget_type=\"image.default\">\n\t\t\t\t<div class=\"elementor-widget-container\">\n\t\t\t\t\t\t\t\t\t\t\t\t\t\t\t<img loading=\"lazy\" decoding=\"async\" width=\"768\" height=\"1024\" src=\"https:\/\/escuelallanosubercaseaux.cl\/wp-content\/uploads\/2026\/04\/Vida-saludable-01a-768x1024.jpeg\" class=\"attachment-large size-large wp-image-5475\" alt=\"\" srcset=\"https:\/\/escuelallanosubercaseaux.cl\/wp-content\/uploads\/2026\/04\/Vida-saludable-01a-768x1024.jpeg 768w, https:\/\/escuelallanosubercaseaux.cl\/wp-content\/uploads\/2026\/04\/Vida-saludable-01a-225x300.jpeg 225w, https:\/\/escuelallanosubercaseaux.cl\/wp-content\/uploads\/2026\/04\/Vida-saludable-01a-1152x1536.jpeg 1152w, https:\/\/escuelallanosubercaseaux.cl\/wp-content\/uploads\/2026\/04\/Vida-saludable-01a.jpeg 1200w\" sizes=\"(max-width: 768px) 100vw, 768px\" \/>\t\t\t\t\t\t\t\t\t\t\t\t\t\t\t<\/div>\n\t\t\t\t<\/div>\n\t\t\t\t<\/div>\n\t\t\t\t<\/div>\n\t\t<div class=\"elementor-element elementor-element-36fcaad e-con-full e-flex e-con e-child\" data-id=\"36fcaad\" data-element_type=\"container\">\n\t\t\t\t<\/div>\n\t\t\t\t<\/div>\n\t\t\t\t\t<\/div>\n\t\t\t\t<\/div>\n\t\t<div class=\"elementor-element elementor-element-adf739c e-flex e-con-boxed e-con e-parent\" data-id=\"adf739c\" data-element_type=\"container\">\n\t\t\t\t\t<div class=\"e-con-inner\">\n\t\t\t\t<div class=\"elementor-element elementor-element-7ddbc17 elementor-widget elementor-widget-heading\" data-id=\"7ddbc17\" data-element_type=\"widget\" data-widget_type=\"heading.default\">\n\t\t\t\t<div class=\"elementor-widget-container\">\n\t\t\t\t\t<h2 class=\"elementor-heading-title elementor-size-default\">Concienciaci\u00f3n sobre el \"Autismo\"<\/h2>\t\t\t\t<\/div>\n\t\t\t\t<\/div>\n\t\t<div class=\"elementor-element elementor-element-e42aa7e e-flex e-con-boxed e-con e-child\" data-id=\"e42aa7e\" data-element_type=\"container\">\n\t\t\t\t\t<div class=\"e-con-inner\">\n\t\t<div class=\"elementor-element elementor-element-e29e251 e-con-full e-flex e-con e-child\" data-id=\"e29e251\" data-element_type=\"container\">\n\t\t\t\t<div class=\"elementor-element elementor-element-228fb44 elementor-widget elementor-widget-text-editor\" data-id=\"228fb44\" data-element_type=\"widget\" data-widget_type=\"text-editor.default\">\n\t\t\t\t<div class=\"elementor-widget-container\">\n\t\t\t\t\t\t\t\t\t<p data-start=\"0\" data-end=\"220\">En el marco del <strong data-start=\"16\" data-end=\"66\">D\u00eda Mundial de Concienciaci\u00f3n sobre el Autismo<\/strong>, nuestra comunidad educativa desarroll\u00f3 diversas actividades orientadas a promover la <strong data-start=\"153\" data-end=\"166\">inclusi\u00f3n<\/strong>, el <strong data-start=\"171\" data-end=\"182\">respeto<\/strong> y la <strong data-start=\"188\" data-end=\"219\">valoraci\u00f3n de la diversidad<\/strong>.<\/p><p data-start=\"222\" data-end=\"375\">Esta instancia tuvo como objetivo <strong data-start=\"256\" data-end=\"272\">sensibilizar<\/strong> a estudiantes y miembros de la comunidad escolar respecto al <strong data-start=\"334\" data-end=\"374\">Trastorno del Espectro Autista (TEA)<\/strong>.<\/p>\t\t\t\t\t\t\t\t<\/div>\n\t\t\t\t<\/div>\n\t\t\t\t<\/div>\n\t\t<div class=\"elementor-element elementor-element-8baacd7 e-con-full e-flex e-con e-child\" data-id=\"8baacd7\" data-element_type=\"container\">\n\t\t\t\t<div class=\"elementor-element elementor-element-ecfd4b0 elementor-widget elementor-widget-image\" data-id=\"ecfd4b0\" data-element_type=\"widget\" data-widget_type=\"image.default\">\n\t\t\t\t<div class=\"elementor-widget-container\">\n\t\t\t\t\t\t\t\t\t\t\t\t\t\t\t<img loading=\"lazy\" decoding=\"async\" width=\"150\" height=\"150\" src=\"https:\/\/escuelallanosubercaseaux.cl\/wp-content\/uploads\/2026\/04\/AUTISMO-b-150x150.png\" class=\"attachment-thumbnail size-thumbnail wp-image-5464\" alt=\"\" srcset=\"https:\/\/escuelallanosubercaseaux.cl\/wp-content\/uploads\/2026\/04\/AUTISMO-b-150x150.png 150w, https:\/\/escuelallanosubercaseaux.cl\/wp-content\/uploads\/2026\/04\/AUTISMO-b.png 225w\" sizes=\"(max-width: 150px) 100vw, 150px\" \/>\t\t\t\t\t\t\t\t\t\t\t\t\t\t\t<\/div>\n\t\t\t\t<\/div>\n\t\t\t\t<\/div>\n\t\t\t\t<div class=\"elementor-element elementor-element-3348ec6 elementor-widget elementor-widget-image\" data-id=\"3348ec6\" data-element_type=\"widget\" data-widget_type=\"image.default\">\n\t\t\t\t<div class=\"elementor-widget-container\">\n\t\t\t\t\t\t\t\t\t\t\t\t\t\t\t<img fetchpriority=\"high\" decoding=\"async\" width=\"764\" height=\"443\" src=\"https:\/\/escuelallanosubercaseaux.cl\/wp-content\/uploads\/2025\/08\/VER-GALERIA-2.jpg\" class=\"attachment-large size-large wp-image-941\" alt=\"\" srcset=\"https:\/\/escuelallanosubercaseaux.cl\/wp-content\/uploads\/2025\/08\/VER-GALERIA-2.jpg 764w, https:\/\/escuelallanosubercaseaux.cl\/wp-content\/uploads\/2025\/08\/VER-GALERIA-2-300x174.jpg 300w\" sizes=\"(max-width: 764px) 100vw, 764px\" \/>\t\t\t\t\t\t\t\t\t\t\t\t\t\t\t<\/div>\n\t\t\t\t<\/div>\n\t\t\t\t\t<\/div>\n\t\t\t\t<\/div>\n\t\t\t\t\t<\/div>\n\t\t\t\t<\/div>\n\t\t<div class=\"elementor-element elementor-element-d4fb838 e-flex e-con-boxed e-con e-parent\" data-id=\"d4fb838\" data-element_type=\"container\">\n\t\t\t\t\t<div class=\"e-con-inner\">\n\t\t<div class=\"elementor-element elementor-element-cc2a4f0 e-con-full e-flex e-con e-child\" data-id=\"cc2a4f0\" data-element_type=\"container\">\n\t\t\t\t<div class=\"elementor-element elementor-element-4d36286 elementor-widget elementor-widget-image\" data-id=\"4d36286\" data-element_type=\"widget\" data-widget_type=\"image.default\">\n\t\t\t\t<div class=\"elementor-widget-container\">\n\t\t\t\t\t\t\t\t\t\t\t\t\t\t\t<img loading=\"lazy\" decoding=\"async\" width=\"768\" height=\"1024\" src=\"https:\/\/escuelallanosubercaseaux.cl\/wp-content\/uploads\/2026\/04\/Autismo-14-768x1024.jpeg\" class=\"attachment-large size-large wp-image-5440\" alt=\"\" srcset=\"https:\/\/escuelallanosubercaseaux.cl\/wp-content\/uploads\/2026\/04\/Autismo-14-768x1024.jpeg 768w, https:\/\/escuelallanosubercaseaux.cl\/wp-content\/uploads\/2026\/04\/Autismo-14-225x300.jpeg 225w, https:\/\/escuelallanosubercaseaux.cl\/wp-content\/uploads\/2026\/04\/Autismo-14-1152x1536.jpeg 1152w, https:\/\/escuelallanosubercaseaux.cl\/wp-content\/uploads\/2026\/04\/Autismo-14.jpeg 1200w\" sizes=\"(max-width: 768px) 100vw, 768px\" \/>\t\t\t\t\t\t\t\t\t\t\t\t\t\t\t<\/div>\n\t\t\t\t<\/div>\n\t\t\t\t<\/div>\n\t\t<div class=\"elementor-element elementor-element-53d04f6 e-con-full e-flex e-con e-child\" data-id=\"53d04f6\" data-element_type=\"container\">\n\t\t\t\t<div class=\"elementor-element elementor-element-5969871 elementor-widget elementor-widget-image\" data-id=\"5969871\" data-element_type=\"widget\" data-widget_type=\"image.default\">\n\t\t\t\t<div class=\"elementor-widget-container\">\n\t\t\t\t\t\t\t\t\t\t\t\t\t\t\t\t<a href=\"https:\/\/escuelallanosubercaseaux.cl\/?p=5445\">\n\t\t\t\t\t\t\t<img loading=\"lazy\" decoding=\"async\" width=\"800\" height=\"447\" src=\"https:\/\/escuelallanosubercaseaux.cl\/wp-content\/uploads\/2026\/04\/AUTISMO-a.png\" class=\"attachment-large size-large wp-image-5457\" alt=\"\" srcset=\"https:\/\/escuelallanosubercaseaux.cl\/wp-content\/uploads\/2026\/04\/AUTISMO-a.png 1014w, https:\/\/escuelallanosubercaseaux.cl\/wp-content\/uploads\/2026\/04\/AUTISMO-a-300x168.png 300w, https:\/\/escuelallanosubercaseaux.cl\/wp-content\/uploads\/2026\/04\/AUTISMO-a-768x429.png 768w\" sizes=\"(max-width: 800px) 100vw, 800px\" \/>\t\t\t\t\t\t\t\t<\/a>\n\t\t\t\t\t\t\t\t\t\t\t\t\t\t\t<\/div>\n\t\t\t\t<\/div>\n\t\t\t\t<\/div>\n\t\t<div class=\"elementor-element elementor-element-91c4410 e-con-full e-flex e-con e-child\" data-id=\"91c4410\" data-element_type=\"container\">\n\t\t\t\t<div class=\"elementor-element elementor-element-887aa6a elementor-widget elementor-widget-image\" data-id=\"887aa6a\" data-element_type=\"widget\" data-widget_type=\"image.default\">\n\t\t\t\t<div class=\"elementor-widget-container\">\n\t\t\t\t\t\t\t\t\t\t\t\t\t\t\t<img loading=\"lazy\" decoding=\"async\" width=\"683\" height=\"1024\" src=\"https:\/\/escuelallanosubercaseaux.cl\/wp-content\/uploads\/2026\/04\/Autismo-18-683x1024.jpeg\" class=\"attachment-large size-large wp-image-5444\" alt=\"\" srcset=\"https:\/\/escuelallanosubercaseaux.cl\/wp-content\/uploads\/2026\/04\/Autismo-18-683x1024.jpeg 683w, https:\/\/escuelallanosubercaseaux.cl\/wp-content\/uploads\/2026\/04\/Autismo-18-200x300.jpeg 200w, https:\/\/escuelallanosubercaseaux.cl\/wp-content\/uploads\/2026\/04\/Autismo-18-768x1152.jpeg 768w, https:\/\/escuelallanosubercaseaux.cl\/wp-content\/uploads\/2026\/04\/Autismo-18.jpeg 1024w\" sizes=\"(max-width: 683px) 100vw, 683px\" \/>\t\t\t\t\t\t\t\t\t\t\t\t\t\t\t<\/div>\n\t\t\t\t<\/div>\n\t\t\t\t<\/div>\n\t\t\t\t\t<\/div>\n\t\t\t\t<\/div>\n\t\t<div class=\"elementor-element elementor-element-393a6c4 e-flex e-con-boxed e-con e-parent\" data-id=\"393a6c4\" data-element_type=\"container\">\n\t\t\t\t\t<div class=\"e-con-inner\">\n\t\t<div class=\"elementor-element elementor-element-b5408be e-con-full e-flex e-con e-child\" data-id=\"b5408be\" data-element_type=\"container\">\n\t\t\t\t<\/div>\n\t\t\t\t<div class=\"elementor-element elementor-element-b43f8b8 elementor-widget elementor-widget-heading\" data-id=\"b43f8b8\" data-element_type=\"widget\" data-widget_type=\"heading.default\">\n\t\t\t\t<div class=\"elementor-widget-container\">\n\t\t\t\t\t<h2 class=\"elementor-heading-title elementor-size-default\">Jornada de reflexi\u00f3n: \u201cTodos nos cuidamos\u201d<\/h2>\t\t\t\t<\/div>\n\t\t\t\t<\/div>\n\t\t<div class=\"elementor-element elementor-element-ba46487 e-flex e-con-boxed e-con e-child\" data-id=\"ba46487\" data-element_type=\"container\">\n\t\t\t\t\t<div class=\"e-con-inner\">\n\t\t<div class=\"elementor-element elementor-element-4057447 e-con-full e-flex e-con e-child\" data-id=\"4057447\" data-element_type=\"container\">\n\t\t\t\t<div class=\"elementor-element elementor-element-3f08879 elementor-widget elementor-widget-text-editor\" data-id=\"3f08879\" data-element_type=\"widget\" data-widget_type=\"text-editor.default\">\n\t\t\t\t<div class=\"elementor-widget-container\">\n\t\t\t\t\t\t\t\t\t<p>El d\u00eda <strong data-start=\"164\" data-end=\"186\">jueves 01 de abril<\/strong>, nuestra comunidad educativa desarroll\u00f3 una <strong data-start=\"231\" data-end=\"255\">Jornada de Reflexi\u00f3n<\/strong> orientada a promover una <strong data-start=\"281\" data-end=\"356\">convivencia escolar basada en el respeto, la empat\u00eda y el cuidado mutuo<\/strong>. Esta instancia tuvo como objetivo generar un espacio de di\u00e1logo y an\u00e1lisis colectivo que permitiera fortalecer los v\u00ednculos entre los distintos integrantes de la comunidad, reafirmando el compromiso de construir un entorno seguro, inclusivo y acogedor para todos y todas.<\/p>\t\t\t\t\t\t\t\t<\/div>\n\t\t\t\t<\/div>\n\t\t\t\t<\/div>\n\t\t<div class=\"elementor-element elementor-element-04b719e e-con-full e-flex e-con e-child\" data-id=\"04b719e\" data-element_type=\"container\">\n\t\t\t\t<div class=\"elementor-element elementor-element-d133c5d elementor-widget elementor-widget-image\" data-id=\"d133c5d\" data-element_type=\"widget\" data-widget_type=\"image.default\">\n\t\t\t\t<div class=\"elementor-widget-container\">\n\t\t\t\t\t\t\t\t\t\t\t\t\t\t\t<img loading=\"lazy\" decoding=\"async\" width=\"150\" height=\"150\" src=\"https:\/\/escuelallanosubercaseaux.cl\/wp-content\/uploads\/2025\/11\/Dia-Trabajadora-Social-150x150.png\" class=\"attachment-thumbnail size-thumbnail wp-image-4633\" alt=\"\" srcset=\"https:\/\/escuelallanosubercaseaux.cl\/wp-content\/uploads\/2025\/11\/Dia-Trabajadora-Social-150x150.png 150w, https:\/\/escuelallanosubercaseaux.cl\/wp-content\/uploads\/2025\/11\/Dia-Trabajadora-Social-300x300.png 300w, https:\/\/escuelallanosubercaseaux.cl\/wp-content\/uploads\/2025\/11\/Dia-Trabajadora-Social.png 555w\" sizes=\"(max-width: 150px) 100vw, 150px\" \/>\t\t\t\t\t\t\t\t\t\t\t\t\t\t\t<\/div>\n\t\t\t\t<\/div>\n\t\t\t\t<\/div>\n\t\t\t\t<div class=\"elementor-element elementor-element-bfdccde elementor-widget elementor-widget-image\" data-id=\"bfdccde\" data-element_type=\"widget\" data-widget_type=\"image.default\">\n\t\t\t\t<div class=\"elementor-widget-container\">\n\t\t\t\t\t\t\t\t\t\t\t\t\t\t\t<img fetchpriority=\"high\" decoding=\"async\" width=\"764\" height=\"443\" src=\"https:\/\/escuelallanosubercaseaux.cl\/wp-content\/uploads\/2025\/08\/VER-GALERIA-2.jpg\" class=\"attachment-large size-large wp-image-941\" alt=\"\" srcset=\"https:\/\/escuelallanosubercaseaux.cl\/wp-content\/uploads\/2025\/08\/VER-GALERIA-2.jpg 764w, https:\/\/escuelallanosubercaseaux.cl\/wp-content\/uploads\/2025\/08\/VER-GALERIA-2-300x174.jpg 300w\" sizes=\"(max-width: 764px) 100vw, 764px\" \/>\t\t\t\t\t\t\t\t\t\t\t\t\t\t\t<\/div>\n\t\t\t\t<\/div>\n\t\t\t\t\t<\/div>\n\t\t\t\t<\/div>\n\t\t\t\t\t<\/div>\n\t\t\t\t<\/div>\n\t\t<div class=\"elementor-element elementor-element-047c69b e-flex e-con-boxed e-con e-parent\" data-id=\"047c69b\" data-element_type=\"container\">\n\t\t\t\t\t<div class=\"e-con-inner\">\n\t\t<div class=\"elementor-element elementor-element-ce4dd99 e-con-full e-flex e-con e-child\" data-id=\"ce4dd99\" data-element_type=\"container\">\n\t\t\t\t<div class=\"elementor-element elementor-element-0699b67 elementor-widget elementor-widget-image\" data-id=\"0699b67\" data-element_type=\"widget\" data-widget_type=\"image.default\">\n\t\t\t\t<div class=\"elementor-widget-container\">\n\t\t\t\t\t\t\t\t\t\t\t\t\t\t\t<img loading=\"lazy\" decoding=\"async\" width=\"768\" height=\"1024\" src=\"https:\/\/escuelallanosubercaseaux.cl\/wp-content\/uploads\/2026\/04\/Nos-cuidamos-02-768x1024.jpeg\" class=\"attachment-large size-large wp-image-5362\" alt=\"\" srcset=\"https:\/\/escuelallanosubercaseaux.cl\/wp-content\/uploads\/2026\/04\/Nos-cuidamos-02-768x1024.jpeg 768w, https:\/\/escuelallanosubercaseaux.cl\/wp-content\/uploads\/2026\/04\/Nos-cuidamos-02-225x300.jpeg 225w, https:\/\/escuelallanosubercaseaux.cl\/wp-content\/uploads\/2026\/04\/Nos-cuidamos-02-1152x1536.jpeg 1152w, https:\/\/escuelallanosubercaseaux.cl\/wp-content\/uploads\/2026\/04\/Nos-cuidamos-02.jpeg 1200w\" sizes=\"(max-width: 768px) 100vw, 768px\" \/>\t\t\t\t\t\t\t\t\t\t\t\t\t\t\t<\/div>\n\t\t\t\t<\/div>\n\t\t\t\t<\/div>\n\t\t<div class=\"elementor-element elementor-element-879c65a e-con-full e-flex e-con e-child\" data-id=\"879c65a\" data-element_type=\"container\">\n\t\t\t\t<div class=\"elementor-element elementor-element-af862be elementor-widget elementor-widget-image\" data-id=\"af862be\" data-element_type=\"widget\" data-widget_type=\"image.default\">\n\t\t\t\t<div class=\"elementor-widget-container\">\n\t\t\t\t\t\t\t\t\t\t\t\t\t\t\t\t<a href=\"https:\/\/escuelallanosubercaseaux.cl\/?p=5385\">\n\t\t\t\t\t\t\t<img loading=\"lazy\" decoding=\"async\" width=\"800\" height=\"446\" src=\"https:\/\/escuelallanosubercaseaux.cl\/wp-content\/uploads\/2026\/04\/WEB.png\" class=\"attachment-large size-large wp-image-5401\" alt=\"\" srcset=\"https:\/\/escuelallanosubercaseaux.cl\/wp-content\/uploads\/2026\/04\/WEB.png 978w, https:\/\/escuelallanosubercaseaux.cl\/wp-content\/uploads\/2026\/04\/WEB-300x167.png 300w, https:\/\/escuelallanosubercaseaux.cl\/wp-content\/uploads\/2026\/04\/WEB-768x428.png 768w\" sizes=\"(max-width: 800px) 100vw, 800px\" \/>\t\t\t\t\t\t\t\t<\/a>\n\t\t\t\t\t\t\t\t\t\t\t\t\t\t\t<\/div>\n\t\t\t\t<\/div>\n\t\t\t\t<\/div>\n\t\t<div class=\"elementor-element elementor-element-22b7a20 e-con-full e-flex e-con e-child\" data-id=\"22b7a20\" data-element_type=\"container\">\n\t\t\t\t<div class=\"elementor-element elementor-element-d444d8c elementor-widget elementor-widget-image\" data-id=\"d444d8c\" data-element_type=\"widget\" data-widget_type=\"image.default\">\n\t\t\t\t<div class=\"elementor-widget-container\">\n\t\t\t\t\t\t\t\t\t\t\t\t\t\t\t<img loading=\"lazy\" decoding=\"async\" width=\"768\" height=\"1024\" src=\"https:\/\/escuelallanosubercaseaux.cl\/wp-content\/uploads\/2026\/04\/Nos-cuidamos-04-768x1024.jpeg\" class=\"attachment-large size-large wp-image-5366\" alt=\"\" srcset=\"https:\/\/escuelallanosubercaseaux.cl\/wp-content\/uploads\/2026\/04\/Nos-cuidamos-04-768x1024.jpeg 768w, https:\/\/escuelallanosubercaseaux.cl\/wp-content\/uploads\/2026\/04\/Nos-cuidamos-04-225x300.jpeg 225w, https:\/\/escuelallanosubercaseaux.cl\/wp-content\/uploads\/2026\/04\/Nos-cuidamos-04-1152x1536.jpeg 1152w, https:\/\/escuelallanosubercaseaux.cl\/wp-content\/uploads\/2026\/04\/Nos-cuidamos-04.jpeg 1200w\" sizes=\"(max-width: 768px) 100vw, 768px\" \/>\t\t\t\t\t\t\t\t\t\t\t\t\t\t\t<\/div>\n\t\t\t\t<\/div>\n\t\t\t\t<\/div>\n\t\t\t\t\t<\/div>\n\t\t\t\t<\/div>\n\t\t<div class=\"elementor-element elementor-element-a330762 e-flex e-con-boxed e-con e-parent\" data-id=\"a330762\" data-element_type=\"container\">\n\t\t\t\t\t<div class=\"e-con-inner\">\n\t\t\t\t\t<\/div>\n\t\t\t\t<\/div>\n\t\t<div class=\"elementor-element elementor-element-790e4fb e-flex e-con-boxed e-con e-parent\" data-id=\"790e4fb\" data-element_type=\"container\">\n\t\t\t\t\t<div class=\"e-con-inner\">\n\t\t\t\t<div class=\"elementor-element elementor-element-13a9db8 elementor-widget elementor-widget-heading\" data-id=\"13a9db8\" data-element_type=\"widget\" data-widget_type=\"heading.default\">\n\t\t\t\t<div class=\"elementor-widget-container\">\n\t\t\t\t\t<h2 class=\"elementor-heading-title elementor-size-default\">Acto C\u00edvico 1er ciclo: \"Valorando el Agua\"<\/h2>\t\t\t\t<\/div>\n\t\t\t\t<\/div>\n\t\t<div class=\"elementor-element elementor-element-8201479 e-flex e-con-boxed e-con e-child\" data-id=\"8201479\" data-element_type=\"container\">\n\t\t\t\t\t<div class=\"e-con-inner\">\n\t\t<div class=\"elementor-element elementor-element-280ca47 e-con-full e-flex e-con e-child\" data-id=\"280ca47\" data-element_type=\"container\">\n\t\t\t\t<div class=\"elementor-element elementor-element-2577230 elementor-widget elementor-widget-text-editor\" data-id=\"2577230\" data-element_type=\"widget\" data-widget_type=\"text-editor.default\">\n\t\t\t\t<div class=\"elementor-widget-container\">\n\t\t\t\t\t\t\t\t\t<p>El pasado<strong> lunes 23 de marzo<\/strong> se llev\u00f3 a cabo nuestro segundo acto c\u00edvico del primer ciclo, instancia que estuvo a cargo del 4\u00b0 a\u00f1o b\u00e1sico junto a su <strong>profesora jefa, Luisa San Mart\u00edn<\/strong>.<\/p><p>En esta oportunidad, el acto estuvo especialmente dedicado a la conmemoraci\u00f3n del <strong>D\u00eda Mundial del Agua<\/strong>, generando un espacio de reflexi\u00f3n en torno a la importancia del cuidado, uso responsable y preservaci\u00f3n de este recurso vital para la vida en nuestro planeta.<\/p>\t\t\t\t\t\t\t\t<\/div>\n\t\t\t\t<\/div>\n\t\t\t\t<\/div>\n\t\t<div class=\"elementor-element elementor-element-9f2de52 e-con-full e-flex e-con e-child\" data-id=\"9f2de52\" data-element_type=\"container\">\n\t\t\t\t<div class=\"elementor-element elementor-element-313ac69 elementor-widget elementor-widget-image\" data-id=\"313ac69\" data-element_type=\"widget\" data-widget_type=\"image.default\">\n\t\t\t\t<div class=\"elementor-widget-container\">\n\t\t\t\t\t\t\t\t\t\t\t\t\t\t\t<img loading=\"lazy\" decoding=\"async\" width=\"150\" height=\"150\" src=\"https:\/\/escuelallanosubercaseaux.cl\/wp-content\/uploads\/2026\/03\/Dia-del-Agua-150x150.png\" class=\"attachment-thumbnail size-thumbnail wp-image-5340\" alt=\"\" \/>\t\t\t\t\t\t\t\t\t\t\t\t\t\t\t<\/div>\n\t\t\t\t<\/div>\n\t\t\t\t<\/div>\n\t\t\t\t<div class=\"elementor-element elementor-element-2f5672f elementor-widget elementor-widget-image\" data-id=\"2f5672f\" data-element_type=\"widget\" data-widget_type=\"image.default\">\n\t\t\t\t<div class=\"elementor-widget-container\">\n\t\t\t\t\t\t\t\t\t\t\t\t\t\t\t<img fetchpriority=\"high\" decoding=\"async\" width=\"764\" height=\"443\" src=\"https:\/\/escuelallanosubercaseaux.cl\/wp-content\/uploads\/2025\/08\/VER-GALERIA-2.jpg\" class=\"attachment-large size-large wp-image-941\" alt=\"\" srcset=\"https:\/\/escuelallanosubercaseaux.cl\/wp-content\/uploads\/2025\/08\/VER-GALERIA-2.jpg 764w, https:\/\/escuelallanosubercaseaux.cl\/wp-content\/uploads\/2025\/08\/VER-GALERIA-2-300x174.jpg 300w\" sizes=\"(max-width: 764px) 100vw, 764px\" \/>\t\t\t\t\t\t\t\t\t\t\t\t\t\t\t<\/div>\n\t\t\t\t<\/div>\n\t\t\t\t\t<\/div>\n\t\t\t\t<\/div>\n\t\t<div class=\"elementor-element elementor-element-942ce0d e-con-full e-flex e-con e-child\" data-id=\"942ce0d\" data-element_type=\"container\">\n\t\t<div class=\"elementor-element elementor-element-a01bf37 e-con-full e-flex e-con e-child\" data-id=\"a01bf37\" data-element_type=\"container\">\n\t\t\t\t<div class=\"elementor-element elementor-element-1bacf06 elementor-widget elementor-widget-image\" data-id=\"1bacf06\" data-element_type=\"widget\" data-widget_type=\"image.default\">\n\t\t\t\t<div class=\"elementor-widget-container\">\n\t\t\t\t\t\t\t\t\t\t\t\t\t\t\t<img loading=\"lazy\" decoding=\"async\" width=\"768\" height=\"1024\" src=\"https:\/\/escuelallanosubercaseaux.cl\/wp-content\/uploads\/2026\/03\/Acto-1er-ciclo-agua-02-768x1024.jpeg\" class=\"attachment-large size-large wp-image-5316\" alt=\"\" srcset=\"https:\/\/escuelallanosubercaseaux.cl\/wp-content\/uploads\/2026\/03\/Acto-1er-ciclo-agua-02-768x1024.jpeg 768w, https:\/\/escuelallanosubercaseaux.cl\/wp-content\/uploads\/2026\/03\/Acto-1er-ciclo-agua-02-225x300.jpeg 225w, https:\/\/escuelallanosubercaseaux.cl\/wp-content\/uploads\/2026\/03\/Acto-1er-ciclo-agua-02-1152x1536.jpeg 1152w, https:\/\/escuelallanosubercaseaux.cl\/wp-content\/uploads\/2026\/03\/Acto-1er-ciclo-agua-02.jpeg 1200w\" sizes=\"(max-width: 768px) 100vw, 768px\" \/>\t\t\t\t\t\t\t\t\t\t\t\t\t\t\t<\/div>\n\t\t\t\t<\/div>\n\t\t\t\t<\/div>\n\t\t<div class=\"elementor-element elementor-element-1947cd4 e-con-full e-flex e-con e-child\" data-id=\"1947cd4\" data-element_type=\"container\">\n\t\t\t\t<div class=\"elementor-element elementor-element-4c800d5 elementor-widget elementor-widget-image\" data-id=\"4c800d5\" data-element_type=\"widget\" data-widget_type=\"image.default\">\n\t\t\t\t<div class=\"elementor-widget-container\">\n\t\t\t\t\t\t\t\t\t\t\t\t\t\t\t\t<a href=\"https:\/\/escuelallanosubercaseaux.cl\/?p=5312\">\n\t\t\t\t\t\t\t<img loading=\"lazy\" decoding=\"async\" width=\"800\" height=\"449\" src=\"https:\/\/escuelallanosubercaseaux.cl\/wp-content\/uploads\/2026\/04\/Acto-Agua.png\" class=\"attachment-large size-large wp-image-5598\" alt=\"\" srcset=\"https:\/\/escuelallanosubercaseaux.cl\/wp-content\/uploads\/2026\/04\/Acto-Agua.png 1014w, https:\/\/escuelallanosubercaseaux.cl\/wp-content\/uploads\/2026\/04\/Acto-Agua-300x168.png 300w, https:\/\/escuelallanosubercaseaux.cl\/wp-content\/uploads\/2026\/04\/Acto-Agua-768x431.png 768w\" sizes=\"(max-width: 800px) 100vw, 800px\" \/>\t\t\t\t\t\t\t\t<\/a>\n\t\t\t\t\t\t\t\t\t\t\t\t\t\t\t<\/div>\n\t\t\t\t<\/div>\n\t\t\t\t<\/div>\n\t\t<div class=\"elementor-element elementor-element-dbc68f7 e-con-full e-flex e-con e-child\" data-id=\"dbc68f7\" data-element_type=\"container\">\n\t\t\t\t<div class=\"elementor-element elementor-element-182666e elementor-widget elementor-widget-image\" data-id=\"182666e\" data-element_type=\"widget\" data-widget_type=\"image.default\">\n\t\t\t\t<div class=\"elementor-widget-container\">\n\t\t\t\t\t\t\t\t\t\t\t\t\t\t\t<img loading=\"lazy\" decoding=\"async\" width=\"768\" height=\"1024\" src=\"https:\/\/escuelallanosubercaseaux.cl\/wp-content\/uploads\/2026\/03\/Acto-1er-ciclo-02a-768x1024.jpeg\" class=\"attachment-large size-large wp-image-5331\" alt=\"\" srcset=\"https:\/\/escuelallanosubercaseaux.cl\/wp-content\/uploads\/2026\/03\/Acto-1er-ciclo-02a-768x1024.jpeg 768w, https:\/\/escuelallanosubercaseaux.cl\/wp-content\/uploads\/2026\/03\/Acto-1er-ciclo-02a-225x300.jpeg 225w, https:\/\/escuelallanosubercaseaux.cl\/wp-content\/uploads\/2026\/03\/Acto-1er-ciclo-02a-1152x1536.jpeg 1152w, https:\/\/escuelallanosubercaseaux.cl\/wp-content\/uploads\/2026\/03\/Acto-1er-ciclo-02a.jpeg 1200w\" sizes=\"(max-width: 768px) 100vw, 768px\" \/>\t\t\t\t\t\t\t\t\t\t\t\t\t\t\t<\/div>\n\t\t\t\t<\/div>\n\t\t\t\t<\/div>\n\t\t\t\t<\/div>\n\t\t<div class=\"elementor-element elementor-element-3a4faa0 e-con-full e-flex e-con e-child\" data-id=\"3a4faa0\" data-element_type=\"container\">\n\t\t<div class=\"elementor-element elementor-element-6b4ef57 e-con-full e-flex e-con e-child\" data-id=\"6b4ef57\" data-element_type=\"container\">\n\t\t\t\t<\/div>\n\t\t\t\t<\/div>\n\t\t\t\t\t<\/div>\n\t\t\t\t<\/div>\n\t\t<div class=\"elementor-element elementor-element-f5b5ecd e-flex e-con-boxed e-con e-parent\" data-id=\"f5b5ecd\" data-element_type=\"container\">\n\t\t\t\t\t<div class=\"e-con-inner\">\n\t\t\t\t<div class=\"elementor-element elementor-element-b0ec22f elementor-widget elementor-widget-heading\" data-id=\"b0ec22f\" data-element_type=\"widget\" data-widget_type=\"heading.default\">\n\t\t\t\t<div class=\"elementor-widget-container\">\n\t\t\t\t\t<h2 class=\"elementor-heading-title elementor-size-default\">Activa tu Correo Institucional<\/h2>\t\t\t\t<\/div>\n\t\t\t\t<\/div>\n\t\t<div class=\"elementor-element elementor-element-8b44902 e-con-full e-flex e-con e-child\" data-id=\"8b44902\" data-element_type=\"container\">\n\t\t<div class=\"elementor-element elementor-element-3e221ac e-con-full e-flex e-con e-child\" data-id=\"3e221ac\" data-element_type=\"container\">\n\t\t\t\t<div class=\"elementor-element elementor-element-e27f48a elementor-widget elementor-widget-image\" data-id=\"e27f48a\" data-element_type=\"widget\" data-widget_type=\"image.default\">\n\t\t\t\t<div class=\"elementor-widget-container\">\n\t\t\t\t\t\t\t\t\t\t\t\t\t\t\t<img loading=\"lazy\" decoding=\"async\" width=\"685\" height=\"380\" src=\"https:\/\/escuelallanosubercaseaux.cl\/wp-content\/uploads\/2025\/08\/Correo-Ins.jpg\" class=\"attachment-large size-large wp-image-1832\" alt=\"\" srcset=\"https:\/\/escuelallanosubercaseaux.cl\/wp-content\/uploads\/2025\/08\/Correo-Ins.jpg 685w, https:\/\/escuelallanosubercaseaux.cl\/wp-content\/uploads\/2025\/08\/Correo-Ins-300x166.jpg 300w\" sizes=\"(max-width: 685px) 100vw, 685px\" \/>\t\t\t\t\t\t\t\t\t\t\t\t\t\t\t<\/div>\n\t\t\t\t<\/div>\n\t\t\t\t<\/div>\n\t\t<div class=\"elementor-element elementor-element-34881b5 e-con-full e-flex e-con e-child\" data-id=\"34881b5\" data-element_type=\"container\">\n\t\t\t\t<div class=\"elementor-element elementor-element-60524a2 elementor-widget elementor-widget-text-editor\" data-id=\"60524a2\" data-element_type=\"widget\" data-widget_type=\"text-editor.default\">\n\t\t\t\t<div class=\"elementor-widget-container\">\n\t\t\t\t\t\t\t\t\t<p><strong data-start=\"59\" data-end=\"111\">V\u00eddeo Tutorial &#8211; Activaci\u00f3n Correo Institucional<\/strong><br data-start=\"111\" data-end=\"114\" \/>Este video gu\u00eda paso a paso a los estudiantes y apoderados de la Escuela Llano Subercaseaux en la activaci\u00f3n de su correo institucional. Aprender\u00e1s c\u00f3mo acceder por primera vez, configurar tu cuenta y empezar a utilizar tu correo para recibir informaci\u00f3n oficial del establecimiento.<\/p>\t\t\t\t\t\t\t\t<\/div>\n\t\t\t\t<\/div>\n\t\t\t\t<\/div>\n\t\t<div class=\"elementor-element elementor-element-7be73bd e-con-full e-flex e-con e-child\" data-id=\"7be73bd\" data-element_type=\"container\">\n\t\t\t\t<div class=\"elementor-element elementor-element-686a457 elementor-widget elementor-widget-video\" data-id=\"686a457\" data-element_type=\"widget\" data-settings=\"{&quot;youtube_url&quot;:&quot;https:\\\/\\\/youtu.be\\\/p-slAawAQdY&quot;,&quot;video_type&quot;:&quot;youtube&quot;,&quot;controls&quot;:&quot;yes&quot;}\" data-widget_type=\"video.default\">\n\t\t\t\t<div class=\"elementor-widget-container\">\n\t\t\t\t\t\t\t<div class=\"elementor-wrapper elementor-open-inline\">\n\t\t\t<div class=\"elementor-video\"><\/div>\t\t<\/div>\n\t\t\t\t\t\t<\/div>\n\t\t\t\t<\/div>\n\t\t\t\t<\/div>\n\t\t\t\t<\/div>\n\t\t<div class=\"elementor-element elementor-element-87fd90e e-con-full e-flex e-con e-child\" data-id=\"87fd90e\" data-element_type=\"container\">\n\t\t<div class=\"elementor-element elementor-element-246d5a4 e-con-full e-flex e-con e-child\" data-id=\"246d5a4\" data-element_type=\"container\">\n\t\t\t\t<\/div>\n\t\t\t\t<\/div>\n\t\t\t\t\t<\/div>\n\t\t\t\t<\/div>\n\t\t<div class=\"elementor-element elementor-element-d146343 e-flex e-con-boxed e-con e-parent\" data-id=\"d146343\" data-element_type=\"container\">\n\t\t\t\t\t<div class=\"e-con-inner\">\n\t\t\t\t<div class=\"elementor-element elementor-element-87e56d9 elementor-widget elementor-widget-heading\" data-id=\"87e56d9\" data-element_type=\"widget\" data-widget_type=\"heading.default\">\n\t\t\t\t<div class=\"elementor-widget-container\">\n\t\t\t\t\t<h2 class=\"elementor-heading-title elementor-size-default\">Inicio de clases 2026<\/h2>\t\t\t\t<\/div>\n\t\t\t\t<\/div>\n\t\t<div class=\"elementor-element elementor-element-2c1b14f e-flex e-con-boxed e-con e-child\" data-id=\"2c1b14f\" data-element_type=\"container\">\n\t\t\t\t\t<div class=\"e-con-inner\">\n\t\t<div class=\"elementor-element elementor-element-bbbbefb e-con-full e-flex e-con e-child\" data-id=\"bbbbefb\" data-element_type=\"container\">\n\t\t\t\t<div class=\"elementor-element elementor-element-be49149 elementor-widget elementor-widget-text-editor\" data-id=\"be49149\" data-element_type=\"widget\" data-widget_type=\"text-editor.default\">\n\t\t\t\t<div class=\"elementor-widget-container\">\n\t\t\t\t\t\t\t\t\t<p>Hoy <strong>mi\u00e9rcoles 04 de marzo<\/strong> dimos inicio oficial a un nuevo a\u00f1o en nuestra querida Escuela Llano Subercaseaux.<\/p><p>Nuestra directora, <strong>Srta. Mar\u00eda Ignacia Dur\u00e1n<\/strong>, entreg\u00f3 un afectuoso saludo a toda la comunidad y present\u00f3 al equipo docente y de gesti\u00f3n que acompa\u00f1ar\u00e1 el proceso formativo de nuestras y nuestros estudiantes este 2026.<\/p>\t\t\t\t\t\t\t\t<\/div>\n\t\t\t\t<\/div>\n\t\t\t\t<\/div>\n\t\t<div class=\"elementor-element elementor-element-1102ead e-con-full e-flex e-con e-child\" data-id=\"1102ead\" data-element_type=\"container\">\n\t\t\t\t<div class=\"elementor-element elementor-element-e7c8d11 elementor-widget elementor-widget-image\" data-id=\"e7c8d11\" data-element_type=\"widget\" data-widget_type=\"image.default\">\n\t\t\t\t<div class=\"elementor-widget-container\">\n\t\t\t\t\t\t\t\t\t\t\t\t\t\t\t<img loading=\"lazy\" decoding=\"async\" width=\"150\" height=\"150\" src=\"https:\/\/escuelallanosubercaseaux.cl\/wp-content\/uploads\/2026\/03\/INICIO-ANO-00-150x150.png\" class=\"attachment-thumbnail size-thumbnail wp-image-5079\" alt=\"\" srcset=\"https:\/\/escuelallanosubercaseaux.cl\/wp-content\/uploads\/2026\/03\/INICIO-ANO-00-150x150.png 150w, https:\/\/escuelallanosubercaseaux.cl\/wp-content\/uploads\/2026\/03\/INICIO-ANO-00-300x300.png 300w, https:\/\/escuelallanosubercaseaux.cl\/wp-content\/uploads\/2026\/03\/INICIO-ANO-00.png 720w\" sizes=\"(max-width: 150px) 100vw, 150px\" \/>\t\t\t\t\t\t\t\t\t\t\t\t\t\t\t<\/div>\n\t\t\t\t<\/div>\n\t\t\t\t<\/div>\n\t\t\t\t<div class=\"elementor-element elementor-element-2979dcd elementor-widget elementor-widget-image\" data-id=\"2979dcd\" data-element_type=\"widget\" data-widget_type=\"image.default\">\n\t\t\t\t<div class=\"elementor-widget-container\">\n\t\t\t\t\t\t\t\t\t\t\t\t\t\t\t<img fetchpriority=\"high\" decoding=\"async\" width=\"764\" height=\"443\" src=\"https:\/\/escuelallanosubercaseaux.cl\/wp-content\/uploads\/2025\/08\/VER-GALERIA-2.jpg\" class=\"attachment-large size-large wp-image-941\" alt=\"\" srcset=\"https:\/\/escuelallanosubercaseaux.cl\/wp-content\/uploads\/2025\/08\/VER-GALERIA-2.jpg 764w, https:\/\/escuelallanosubercaseaux.cl\/wp-content\/uploads\/2025\/08\/VER-GALERIA-2-300x174.jpg 300w\" sizes=\"(max-width: 764px) 100vw, 764px\" \/>\t\t\t\t\t\t\t\t\t\t\t\t\t\t\t<\/div>\n\t\t\t\t<\/div>\n\t\t\t\t\t<\/div>\n\t\t\t\t<\/div>\n\t\t<div class=\"elementor-element elementor-element-7de3bc8 e-con-full e-flex e-con e-child\" data-id=\"7de3bc8\" data-element_type=\"container\">\n\t\t<div class=\"elementor-element elementor-element-6d9889d e-con-full e-flex e-con e-child\" data-id=\"6d9889d\" data-element_type=\"container\">\n\t\t\t\t<div class=\"elementor-element elementor-element-685fdcd elementor-widget elementor-widget-image\" data-id=\"685fdcd\" data-element_type=\"widget\" data-widget_type=\"image.default\">\n\t\t\t\t<div class=\"elementor-widget-container\">\n\t\t\t\t\t\t\t\t\t\t\t\t\t\t\t<img loading=\"lazy\" decoding=\"async\" width=\"768\" height=\"1024\" src=\"https:\/\/escuelallanosubercaseaux.cl\/wp-content\/uploads\/2026\/03\/Nuevo-ano-01-768x1024.jpeg\" class=\"attachment-large size-large wp-image-5092\" alt=\"\" srcset=\"https:\/\/escuelallanosubercaseaux.cl\/wp-content\/uploads\/2026\/03\/Nuevo-ano-01-768x1024.jpeg 768w, https:\/\/escuelallanosubercaseaux.cl\/wp-content\/uploads\/2026\/03\/Nuevo-ano-01-225x300.jpeg 225w, https:\/\/escuelallanosubercaseaux.cl\/wp-content\/uploads\/2026\/03\/Nuevo-ano-01.jpeg 960w\" sizes=\"(max-width: 768px) 100vw, 768px\" \/>\t\t\t\t\t\t\t\t\t\t\t\t\t\t\t<\/div>\n\t\t\t\t<\/div>\n\t\t\t\t<\/div>\n\t\t<div class=\"elementor-element elementor-element-ea9467a e-con-full e-flex e-con e-child\" data-id=\"ea9467a\" data-element_type=\"container\">\n\t\t\t\t<div class=\"elementor-element elementor-element-0316850 elementor-widget elementor-widget-image\" data-id=\"0316850\" data-element_type=\"widget\" data-widget_type=\"image.default\">\n\t\t\t\t<div class=\"elementor-widget-container\">\n\t\t\t\t\t\t\t\t\t\t\t\t\t\t\t\t<a href=\"https:\/\/escuelallanosubercaseaux.cl\/?p=5053\">\n\t\t\t\t\t\t\t<img loading=\"lazy\" decoding=\"async\" width=\"800\" height=\"449\" src=\"https:\/\/escuelallanosubercaseaux.cl\/wp-content\/uploads\/2026\/04\/Acto-Agua.png\" class=\"attachment-large size-large wp-image-5598\" alt=\"\" srcset=\"https:\/\/escuelallanosubercaseaux.cl\/wp-content\/uploads\/2026\/04\/Acto-Agua.png 1014w, https:\/\/escuelallanosubercaseaux.cl\/wp-content\/uploads\/2026\/04\/Acto-Agua-300x168.png 300w, https:\/\/escuelallanosubercaseaux.cl\/wp-content\/uploads\/2026\/04\/Acto-Agua-768x431.png 768w\" sizes=\"(max-width: 800px) 100vw, 800px\" \/>\t\t\t\t\t\t\t\t<\/a>\n\t\t\t\t\t\t\t\t\t\t\t\t\t\t\t<\/div>\n\t\t\t\t<\/div>\n\t\t\t\t<\/div>\n\t\t<div class=\"elementor-element elementor-element-3c17a1c e-con-full e-flex e-con e-child\" data-id=\"3c17a1c\" data-element_type=\"container\">\n\t\t\t\t<div class=\"elementor-element elementor-element-a174004 elementor-widget elementor-widget-image\" data-id=\"a174004\" data-element_type=\"widget\" data-widget_type=\"image.default\">\n\t\t\t\t<div class=\"elementor-widget-container\">\n\t\t\t\t\t\t\t\t\t\t\t\t\t\t\t<img loading=\"lazy\" decoding=\"async\" width=\"768\" height=\"1024\" src=\"https:\/\/escuelallanosubercaseaux.cl\/wp-content\/uploads\/2026\/03\/Nuevo-ano-09-768x1024.jpeg\" class=\"attachment-large size-large wp-image-5123\" alt=\"\" srcset=\"https:\/\/escuelallanosubercaseaux.cl\/wp-content\/uploads\/2026\/03\/Nuevo-ano-09-768x1024.jpeg 768w, https:\/\/escuelallanosubercaseaux.cl\/wp-content\/uploads\/2026\/03\/Nuevo-ano-09-225x300.jpeg 225w, https:\/\/escuelallanosubercaseaux.cl\/wp-content\/uploads\/2026\/03\/Nuevo-ano-09.jpeg 960w\" sizes=\"(max-width: 768px) 100vw, 768px\" \/>\t\t\t\t\t\t\t\t\t\t\t\t\t\t\t<\/div>\n\t\t\t\t<\/div>\n\t\t\t\t<\/div>\n\t\t\t\t<\/div>\n\t\t<div class=\"elementor-element elementor-element-e6feb6f e-con-full e-flex e-con e-child\" data-id=\"e6feb6f\" data-element_type=\"container\">\n\t\t<div class=\"elementor-element elementor-element-06d8f58 e-con-full e-flex e-con e-child\" data-id=\"06d8f58\" data-element_type=\"container\">\n\t\t\t\t<\/div>\n\t\t\t\t<\/div>\n\t\t\t\t\t<\/div>\n\t\t\t\t<\/div>\n\t\t\t\t<\/div>\n\t\t","protected":false},"excerpt":{"rendered":"<p>&#8220;D\u00eda del Libro&#8221; en Nuestra Escuela Este\u00a0jueves 23 de abril, nuestra comunidad educativa celebrar\u00e1 el\u00a0D\u00eda del Libro\u00a0con una jornada centrada en la\u00a0creatividad, la participaci\u00f3n y el aprendizaje significativo. Durante el desarrollo de la actividad, los estudiantes ser\u00e1n protagonistas de diversas experiencias que buscan\u00a0fortalecer el v\u00ednculo con la lectura, promoviendo la\u00a0expresi\u00f3n art\u00edstica, el trabajo colaborativo y [&hellip;]<\/p>\n","protected":false},"author":1,"featured_media":0,"parent":0,"menu_order":0,"comment_status":"closed","ping_status":"closed","template":"","meta":{"footnotes":""},"class_list":["post-4959","page","type-page","status-publish","hentry"],"_links":{"self":[{"href":"https:\/\/escuelallanosubercaseaux.cl\/index.php?rest_route=\/wp\/v2\/pages\/4959","targetHints":{"allow":["GET"]}}],"collection":[{"href":"https:\/\/escuelallanosubercaseaux.cl\/index.php?rest_route=\/wp\/v2\/pages"}],"about":[{"href":"https:\/\/escuelallanosubercaseaux.cl\/index.php?rest_route=\/wp\/v2\/types\/page"}],"author":[{"embeddable":true,"href":"https:\/\/escuelallanosubercaseaux.cl\/index.php?rest_route=\/wp\/v2\/users\/1"}],"replies":[{"embeddable":true,"href":"https:\/\/escuelallanosubercaseaux.cl\/index.php?rest_route=%2Fwp%2Fv2%2Fcomments&post=4959"}],"version-history":[{"count":146,"href":"https:\/\/escuelallanosubercaseaux.cl\/index.php?rest_route=\/wp\/v2\/pages\/4959\/revisions"}],"predecessor-version":[{"id":5708,"href":"https:\/\/escuelallanosubercaseaux.cl\/index.php?rest_route=\/wp\/v2\/pages\/4959\/revisions\/5708"}],"wp:attachment":[{"href":"https:\/\/escuelallanosubercaseaux.cl\/index.php?rest_route=%2Fwp%2Fv2%2Fmedia&parent=4959"}],"curies":[{"name":"wp","href":"https:\/\/api.w.org\/{rel}","templated":true}]}}